{"id":57497,"date":"2025-02-27T11:04:16","date_gmt":"2025-02-27T11:04:16","guid":{"rendered":"https:\/\/bellfire.ee\/?post_type=product&#038;p=57497"},"modified":"2025-03-17T07:33:58","modified_gmt":"2025-03-17T07:33:58","slug":"elle-2","status":"publish","type":"product","link":"https:\/\/bellfire.ee\/fi\/olohuone\/sohvat\/elle-2\/","title":{"rendered":"Elle 2"},"content":{"rendered":"<p>The\u00a0<strong>Elle<\/strong>\u00a0sofa captivates with its classically defined shapes. These clean, structured lines perfectly complement the feather-soft polyurethane foam cushions, ready to embrace any tired body.<\/p>\n<p>Available in two sizes:<\/p>\n<ul>\n<li><strong>Two-seater (165 cm)<\/strong><\/li>\n<li><strong>Three-seater (198 cm)<\/strong><\/li>\n<\/ul>\n<p>The frame is crafted from birch plywood and solid wood, ensuring durability, while the upholstery is of the highest quality. The armrests are 7 cm wide, and the wooden legs come in two distinct designs with a choice of black or oak-stained finishes to suit your style.<\/p>\n<p class=\"p2\">You can explore the full fabric selection at our showroom at\u00a0<a href=\"https:\/\/maps.app.goo.gl\/PgyjmcJaAairgt4G7\"><span class=\"s1\">Riia 142, Tartu<\/span><\/a>.<\/p>\n<p class=\"p2\"><b>Please note that the actual color may vary from what appears on the screen. We recommend checking the colors in our showroom.<\/b><\/p>\n","protected":false},"excerpt":{"rendered":"<div class=\"flex-shrink-0 flex flex-col relative items-end\">\n<div>\n<div class=\"pt-0\">\n<div class=\"gizmo-bot-avatar flex h-8 w-8 items-center justify-center overflow-hidden rounded-full\">\n<div class=\"relative p-1 rounded-sm flex items-center justify-center bg-token-main-surface-primary text-token-text-primary h-8 w-8\">Elle-sohva hurmaa klassisesti m\u00e4\u00e4ritellyill\u00e4 muodoillaan. N\u00e4m\u00e4 puhtaat, j\u00e4sennellyt linjat t\u00e4ydent\u00e4v\u00e4t t\u00e4ydellisesti h\u00f6yhenenpehmeit\u00e4 polyuretaanivaahdotyynyj\u00e4, jotka ovat valmiita ottamaan vastaan v\u00e4syneen kehon.<\/div>\n<\/div>\n<\/div>\n<\/div>\n<\/div>\n<div class=\"group\/conversation-turn relative flex w-full min-w-0 flex-col agent-turn\">\n<div class=\"flex-col gap-1 md:gap-3\">\n<div class=\"flex max-w-full flex-col flex-grow\">\n<div class=\"min-h-8 text-message flex w-full flex-col items-end gap-2 whitespace-normal break-words text-start [.text-message+&amp;]:mt-5\" dir=\"auto\" data-message-author-role=\"assistant\" data-message-id=\"cf6068a2-df31-4071-a9df-1362e61ee0f8\" data-message-model-slug=\"gpt-4o-mini\">\n<div class=\"flex w-full flex-col gap-1 empty:hidden first:pt-[3px]\">\n<div class=\"markdown prose w-full break-words dark:prose-invert dark\">\n<p>Saatavilla kahdessa koossa:<\/p>\n<p>Kahden hengen sohva (165 cm)<br \/>\nKolmen hengen sohva (198 cm)<\/p>\n<p>Runko on valmistettu koivuvaneri- ja massiivipuusta, mik\u00e4 takaa kest\u00e4vyyden, ja verhoilu on korkeinta laatua. K\u00e4sinojat ovat 7 cm leve\u00e4t, ja puujalat ovat saatavilla kahdessa eri mallissa mustalla tai tammen s\u00e4vyll\u00e4 viimeisteltyn\u00e4, joka sopii tyyliisi.<\/p>\n<p><strong>Dekoratiivityynyt eiv\u00e4t sis\u00e4lly pakkaukseen.<\/strong><\/p>\n<p>Voit tutustua koko kangasvalikoimaan myym\u00e4l\u00e4ss\u00e4mme <a href=\"https:\/\/maps.app.goo.gl\/PgyjmcJaAairgt4G7\"><span class=\"s1\">Riia 142, Tartu<\/span><\/a>.<\/p>\n<p><strong>Huomaa, ett\u00e4 todellinen v\u00e4ri voi poiketa n\u00e4yt\u00f6ll\u00e4 n\u00e4kyv\u00e4st\u00e4. Suosittelemme tarkistamaan v\u00e4rit myym\u00e4l\u00e4ss\u00e4mme.<\/strong><\/p>\n<\/div>\n<\/div>\n<\/div>\n<\/div>\n<\/div>\n<\/div>\n","protected":false},"featured_media":55670,"template":"","meta":{"_acf_changed":false},"wpc-attribute-group":[],"product_brand":[],"product_cat":[2233,2235],"product_tag":[],"class_list":{"0":"post-57497","1":"product","2":"type-product","3":"status-publish","4":"has-post-thumbnail","6":"product_cat-olohuone","7":"product_cat-sohvat","8":"pa_e-poe-kangavalik-primo-16-fi","9":"pa_e-poe-kangavalik-primo-52-fi","10":"pa_e-poe-kangavalik-primo-84-fi","11":"pa_e-poe-kangavalik-primo-96-fi","13":"first","14":"instock","15":"taxable","16":"shipping-taxable","17":"purchasable","18":"product-type-variable","19":"add-to-wishlist-after_add_to_cart"},"acf":[],"yoast_head":"<!-- This site is optimized with the Yoast SEO plugin v26.1 - https:\/\/yoast.com\/wordpress\/plugins\/seo\/ -->\n<title>Elle 2 - Bellfire<\/title>\n<meta name=\"robots\" content=\"index, follow, max-snippet:-1, max-image-preview:large, max-video-preview:-1\" \/>\n<link rel=\"canonical\" href=\"https:\/\/bellfire.ee\/fi\/olohuone\/sohvat\/elle-2\/\" \/>\n<meta property=\"og:locale\" content=\"fi_FI\" \/>\n<meta property=\"og:type\" content=\"article\" \/>\n<meta property=\"og:title\" content=\"Elle 2 - Bellfire\" \/>\n<meta property=\"og:description\" content=\"Elle-sohva hurmaa klassisesti m\u00e4\u00e4ritellyill\u00e4 muodoillaan. N\u00e4m\u00e4 puhtaat, j\u00e4sennellyt linjat t\u00e4ydent\u00e4v\u00e4t t\u00e4ydellisesti h\u00f6yhenenpehmeit\u00e4 polyuretaanivaahdotyynyj\u00e4, jotka ovat valmiita ottamaan vastaan v\u00e4syneen kehon.            Saatavilla kahdessa koossa:  Kahden hengen sohva (165 cm) Kolmen hengen sohva (198 cm)  Runko on valmistettu koivuvaneri- ja massiivipuusta, mik\u00e4 takaa kest\u00e4vyyden, ja verhoilu on korkeinta laatua. K\u00e4sinojat ovat 7 cm leve\u00e4t, ja puujalat ovat saatavilla kahdessa eri mallissa mustalla tai tammen s\u00e4vyll\u00e4 viimeisteltyn\u00e4, joka sopii tyyliisi.  Dekoratiivityynyt eiv\u00e4t sis\u00e4lly pakkaukseen.  Voit tutustua koko kangasvalikoimaan myym\u00e4l\u00e4ss\u00e4mme Riia 142, Tartu.  Huomaa, ett\u00e4 todellinen v\u00e4ri voi poiketa n\u00e4yt\u00f6ll\u00e4 n\u00e4kyv\u00e4st\u00e4. Suosittelemme tarkistamaan v\u00e4rit myym\u00e4l\u00e4ss\u00e4mme.\" \/>\n<meta property=\"og:url\" content=\"https:\/\/bellfire.ee\/fi\/olohuone\/sohvat\/elle-2\/\" \/>\n<meta property=\"og:site_name\" content=\"Bellfire\" \/>\n<meta property=\"article:modified_time\" content=\"2025-03-17T07:33:58+00:00\" \/>\n<meta property=\"og:image\" content=\"https:\/\/bellfire.ee\/wp-content\/uploads\/2025\/01\/elle-L37-black-rocco-pink-2.jpg\" \/>\n\t<meta property=\"og:image:width\" content=\"952\" \/>\n\t<meta property=\"og:image:height\" content=\"952\" \/>\n\t<meta property=\"og:image:type\" content=\"image\/jpeg\" \/>\n<meta name=\"twitter:card\" content=\"summary_large_image\" \/>\n<meta name=\"twitter:label1\" content=\"Arvioitu lukuaika\" \/>\n\t<meta name=\"twitter:data1\" content=\"1 minuutti\" \/>\n<script type=\"application\/ld+json\" class=\"yoast-schema-graph\">{\"@context\":\"https:\/\/schema.org\",\"@graph\":[{\"@type\":\"WebPage\",\"@id\":\"https:\/\/bellfire.ee\/fi\/olohuone\/sohvat\/elle-2\/\",\"url\":\"https:\/\/bellfire.ee\/fi\/olohuone\/sohvat\/elle-2\/\",\"name\":\"Elle 2 - Bellfire\",\"isPartOf\":{\"@id\":\"https:\/\/bellfire.ee\/fi\/#website\"},\"primaryImageOfPage\":{\"@id\":\"https:\/\/bellfire.ee\/fi\/olohuone\/sohvat\/elle-2\/#primaryimage\"},\"image\":{\"@id\":\"https:\/\/bellfire.ee\/fi\/olohuone\/sohvat\/elle-2\/#primaryimage\"},\"thumbnailUrl\":\"https:\/\/bellfire.ee\/wp-content\/uploads\/2025\/01\/elle-L37-black-rocco-pink-2.jpg\",\"datePublished\":\"2025-02-27T11:04:16+00:00\",\"dateModified\":\"2025-03-17T07:33:58+00:00\",\"breadcrumb\":{\"@id\":\"https:\/\/bellfire.ee\/fi\/olohuone\/sohvat\/elle-2\/#breadcrumb\"},\"inLanguage\":\"fi\",\"potentialAction\":[{\"@type\":\"ReadAction\",\"target\":[\"https:\/\/bellfire.ee\/fi\/olohuone\/sohvat\/elle-2\/\"]}]},{\"@type\":\"ImageObject\",\"inLanguage\":\"fi\",\"@id\":\"https:\/\/bellfire.ee\/fi\/olohuone\/sohvat\/elle-2\/#primaryimage\",\"url\":\"https:\/\/bellfire.ee\/wp-content\/uploads\/2025\/01\/elle-L37-black-rocco-pink-2.jpg\",\"contentUrl\":\"https:\/\/bellfire.ee\/wp-content\/uploads\/2025\/01\/elle-L37-black-rocco-pink-2.jpg\",\"width\":952,\"height\":952},{\"@type\":\"BreadcrumbList\",\"@id\":\"https:\/\/bellfire.ee\/fi\/olohuone\/sohvat\/elle-2\/#breadcrumb\",\"itemListElement\":[{\"@type\":\"ListItem\",\"position\":1,\"name\":\"Avaleht\",\"item\":\"https:\/\/bellfire.ee\/fi\/\"},{\"@type\":\"ListItem\",\"position\":2,\"name\":\"Huonekalut\",\"item\":\"https:\/\/bellfire.ee\/fi\/huonekalut\/\"},{\"@type\":\"ListItem\",\"position\":3,\"name\":\"Elle 2\"}]},{\"@type\":\"WebSite\",\"@id\":\"https:\/\/bellfire.ee\/fi\/#website\",\"url\":\"https:\/\/bellfire.ee\/fi\/\",\"name\":\"Bellfire\",\"description\":\"Disainm\u00f6\u00f6bel Sinu koju Eesti pehme m\u00f6\u00f6bli tootjal\",\"publisher\":{\"@id\":\"https:\/\/bellfire.ee\/fi\/#organization\"},\"potentialAction\":[{\"@type\":\"SearchAction\",\"target\":{\"@type\":\"EntryPoint\",\"urlTemplate\":\"https:\/\/bellfire.ee\/fi\/?s={search_term_string}\"},\"query-input\":{\"@type\":\"PropertyValueSpecification\",\"valueRequired\":true,\"valueName\":\"search_term_string\"}}],\"inLanguage\":\"fi\"},{\"@type\":\"Organization\",\"@id\":\"https:\/\/bellfire.ee\/fi\/#organization\",\"name\":\"Bellfire\",\"url\":\"https:\/\/bellfire.ee\/fi\/\",\"logo\":{\"@type\":\"ImageObject\",\"inLanguage\":\"fi\",\"@id\":\"https:\/\/bellfire.ee\/fi\/#\/schema\/logo\/image\/\",\"url\":\"https:\/\/bellfire.ee\/wp-content\/uploads\/2024\/10\/Site-logo.svg\",\"contentUrl\":\"https:\/\/bellfire.ee\/wp-content\/uploads\/2024\/10\/Site-logo.svg\",\"width\":55,\"height\":64,\"caption\":\"Bellfire\"},\"image\":{\"@id\":\"https:\/\/bellfire.ee\/fi\/#\/schema\/logo\/image\/\"}}]}<\/script>\n<!-- \/ Yoast SEO plugin. -->","yoast_head_json":{"title":"Elle 2 - Bellfire","robots":{"index":"index","follow":"follow","max-snippet":"max-snippet:-1","max-image-preview":"max-image-preview:large","max-video-preview":"max-video-preview:-1"},"canonical":"https:\/\/bellfire.ee\/fi\/olohuone\/sohvat\/elle-2\/","og_locale":"fi_FI","og_type":"article","og_title":"Elle 2 - Bellfire","og_description":"Elle-sohva hurmaa klassisesti m\u00e4\u00e4ritellyill\u00e4 muodoillaan. N\u00e4m\u00e4 puhtaat, j\u00e4sennellyt linjat t\u00e4ydent\u00e4v\u00e4t t\u00e4ydellisesti h\u00f6yhenenpehmeit\u00e4 polyuretaanivaahdotyynyj\u00e4, jotka ovat valmiita ottamaan vastaan v\u00e4syneen kehon.            Saatavilla kahdessa koossa:  Kahden hengen sohva (165 cm) Kolmen hengen sohva (198 cm)  Runko on valmistettu koivuvaneri- ja massiivipuusta, mik\u00e4 takaa kest\u00e4vyyden, ja verhoilu on korkeinta laatua. K\u00e4sinojat ovat 7 cm leve\u00e4t, ja puujalat ovat saatavilla kahdessa eri mallissa mustalla tai tammen s\u00e4vyll\u00e4 viimeisteltyn\u00e4, joka sopii tyyliisi.  Dekoratiivityynyt eiv\u00e4t sis\u00e4lly pakkaukseen.  Voit tutustua koko kangasvalikoimaan myym\u00e4l\u00e4ss\u00e4mme Riia 142, Tartu.  Huomaa, ett\u00e4 todellinen v\u00e4ri voi poiketa n\u00e4yt\u00f6ll\u00e4 n\u00e4kyv\u00e4st\u00e4. Suosittelemme tarkistamaan v\u00e4rit myym\u00e4l\u00e4ss\u00e4mme.","og_url":"https:\/\/bellfire.ee\/fi\/olohuone\/sohvat\/elle-2\/","og_site_name":"Bellfire","article_modified_time":"2025-03-17T07:33:58+00:00","og_image":[{"width":952,"height":952,"url":"https:\/\/bellfire.ee\/wp-content\/uploads\/2025\/01\/elle-L37-black-rocco-pink-2.jpg","type":"image\/jpeg"}],"twitter_card":"summary_large_image","twitter_misc":{"Arvioitu lukuaika":"1 minuutti"},"schema":{"@context":"https:\/\/schema.org","@graph":[{"@type":"WebPage","@id":"https:\/\/bellfire.ee\/fi\/olohuone\/sohvat\/elle-2\/","url":"https:\/\/bellfire.ee\/fi\/olohuone\/sohvat\/elle-2\/","name":"Elle 2 - Bellfire","isPartOf":{"@id":"https:\/\/bellfire.ee\/fi\/#website"},"primaryImageOfPage":{"@id":"https:\/\/bellfire.ee\/fi\/olohuone\/sohvat\/elle-2\/#primaryimage"},"image":{"@id":"https:\/\/bellfire.ee\/fi\/olohuone\/sohvat\/elle-2\/#primaryimage"},"thumbnailUrl":"https:\/\/bellfire.ee\/wp-content\/uploads\/2025\/01\/elle-L37-black-rocco-pink-2.jpg","datePublished":"2025-02-27T11:04:16+00:00","dateModified":"2025-03-17T07:33:58+00:00","breadcrumb":{"@id":"https:\/\/bellfire.ee\/fi\/olohuone\/sohvat\/elle-2\/#breadcrumb"},"inLanguage":"fi","potentialAction":[{"@type":"ReadAction","target":["https:\/\/bellfire.ee\/fi\/olohuone\/sohvat\/elle-2\/"]}]},{"@type":"ImageObject","inLanguage":"fi","@id":"https:\/\/bellfire.ee\/fi\/olohuone\/sohvat\/elle-2\/#primaryimage","url":"https:\/\/bellfire.ee\/wp-content\/uploads\/2025\/01\/elle-L37-black-rocco-pink-2.jpg","contentUrl":"https:\/\/bellfire.ee\/wp-content\/uploads\/2025\/01\/elle-L37-black-rocco-pink-2.jpg","width":952,"height":952},{"@type":"BreadcrumbList","@id":"https:\/\/bellfire.ee\/fi\/olohuone\/sohvat\/elle-2\/#breadcrumb","itemListElement":[{"@type":"ListItem","position":1,"name":"Avaleht","item":"https:\/\/bellfire.ee\/fi\/"},{"@type":"ListItem","position":2,"name":"Huonekalut","item":"https:\/\/bellfire.ee\/fi\/huonekalut\/"},{"@type":"ListItem","position":3,"name":"Elle 2"}]},{"@type":"WebSite","@id":"https:\/\/bellfire.ee\/fi\/#website","url":"https:\/\/bellfire.ee\/fi\/","name":"Bellfire","description":"Disainm\u00f6\u00f6bel Sinu koju Eesti pehme m\u00f6\u00f6bli tootjal","publisher":{"@id":"https:\/\/bellfire.ee\/fi\/#organization"},"potentialAction":[{"@type":"SearchAction","target":{"@type":"EntryPoint","urlTemplate":"https:\/\/bellfire.ee\/fi\/?s={search_term_string}"},"query-input":{"@type":"PropertyValueSpecification","valueRequired":true,"valueName":"search_term_string"}}],"inLanguage":"fi"},{"@type":"Organization","@id":"https:\/\/bellfire.ee\/fi\/#organization","name":"Bellfire","url":"https:\/\/bellfire.ee\/fi\/","logo":{"@type":"ImageObject","inLanguage":"fi","@id":"https:\/\/bellfire.ee\/fi\/#\/schema\/logo\/image\/","url":"https:\/\/bellfire.ee\/wp-content\/uploads\/2024\/10\/Site-logo.svg","contentUrl":"https:\/\/bellfire.ee\/wp-content\/uploads\/2024\/10\/Site-logo.svg","width":55,"height":64,"caption":"Bellfire"},"image":{"@id":"https:\/\/bellfire.ee\/fi\/#\/schema\/logo\/image\/"}}]}},"_links":{"self":[{"href":"https:\/\/bellfire.ee\/fi\/wp-json\/wp\/v2\/product\/57497","targetHints":{"allow":["GET"]}}],"collection":[{"href":"https:\/\/bellfire.ee\/fi\/wp-json\/wp\/v2\/product"}],"about":[{"href":"https:\/\/bellfire.ee\/fi\/wp-json\/wp\/v2\/types\/product"}],"wp:featuredmedia":[{"embeddable":true,"href":"https:\/\/bellfire.ee\/fi\/wp-json\/wp\/v2\/media\/55670"}],"wp:attachment":[{"href":"https:\/\/bellfire.ee\/fi\/wp-json\/wp\/v2\/media?parent=57497"}],"wp:term":[{"taxonomy":"wpc-attribute-group","embeddable":true,"href":"https:\/\/bellfire.ee\/fi\/wp-json\/wp\/v2\/wpc-attribute-group?post=57497"},{"taxonomy":"product_brand","embeddable":true,"href":"https:\/\/bellfire.ee\/fi\/wp-json\/wp\/v2\/product_brand?post=57497"},{"taxonomy":"product_cat","embeddable":true,"href":"https:\/\/bellfire.ee\/fi\/wp-json\/wp\/v2\/product_cat?post=57497"},{"taxonomy":"product_tag","embeddable":true,"href":"https:\/\/bellfire.ee\/fi\/wp-json\/wp\/v2\/product_tag?post=57497"}],"curies":[{"name":"wp","href":"https:\/\/api.w.org\/{rel}","templated":true}]}}