{"id":53669,"date":"2019-11-11T19:25:46","date_gmt":"2019-11-11T19:25:46","guid":{"rendered":"https:\/\/bellfire.ee\/Ei-luokiteltu\/karin\/"},"modified":"2019-11-11T19:25:46","modified_gmt":"2019-11-11T19:25:46","slug":"karin","status":"publish","type":"product","link":"https:\/\/bellfire.ee\/fi\/olohuone\/nojatuolit\/karin\/","title":{"rendered":"Karin"},"content":{"rendered":"<p>Kauniisti kaarevat k\u00e4sinojat tekev\u00e4t <strong>Karin-nojatuolista<\/strong> yht\u00e4 vangitsevan kuin aamun ensimm\u00e4iset auringons\u00e4teet, tehden siit\u00e4 ajattoman klassikon, joka sopii t\u00e4ydellisesti mihin tahansa olohuoneeseen. Korkea selk\u00e4noja ja houkuttelevan pehme\u00e4 polyuretaanivaahtoverhoilu tekev\u00e4t istumisesta t\u00e4ss\u00e4 tuolissa l\u00e4hes taianomaista. Lis\u00e4\u00e4 mukaan yhteensopiva rahi, ja nojatuolista voi tulla suorastaan vastustamaton.<\/p>\n<p>Voit valita kahdesta vaihtoehdosta: itsen\u00e4inen nojatuoli tai nojatuoli rahin kanssa. Molemmat on valmistettu vanerista ja puusta, mik\u00e4 takaa niiden vahvuuden ja kest\u00e4vyyden. <strong>Jalkojen ja k\u00e4sinojien v\u00e4rivalinta on t\u00e4rke\u00e4 yksityiskohta<\/strong>, ja vaihtoehtoina ovat musta tai \u00f6ljytty tammi, joka antaa tuolille erityisen hienostuneen ilmeen.<\/p>\n<p>Suosittelemme <strong>Karin-nojatuolia<\/strong> luonnollisella lampaannahkaverhoilulla, joka on erityisen pehme\u00e4 ja ylellinen. Voit kuitenkin valita my\u00f6s yli 2000 kangasvaihtoehdosta sek\u00e4 nojatuolille ett\u00e4 rahille. Verhoilun voi valita hillityksi tai rohkeaksi \u2013 juuri niin, ett\u00e4 se parhaiten sopii sisustukseesi.<\/p>\n<p>Voit tutustua koko kangasvalikoimaan n\u00e4yttelytilassamme osoitteessa Riia 142, Tartto.<\/p>\n<p>Huomioithan, ett\u00e4 v\u00e4rit voivat poiketa n\u00e4yt\u00f6ll\u00e4 n\u00e4kyv\u00e4st\u00e4. Suosittelemme tarkistamaan v\u00e4rit n\u00e4yttelytilassamme.<\/p>\n","protected":false},"excerpt":{"rendered":"<p>Kauniisti kaarevat k\u00e4sinojat tekev\u00e4t <strong>Karin-nojatuolista<\/strong> yht\u00e4 vangitsevan kuin aamun ensimm\u00e4iset auringons\u00e4teet, tehden siit\u00e4 ajattoman klassikon, joka sopii t\u00e4ydellisesti mihin tahansa olohuoneeseen. Korkea selk\u00e4noja ja houkuttelevan pehme\u00e4 polyuretaanivaahtoverhoilu tekev\u00e4t istumisesta t\u00e4ss\u00e4 tuolissa l\u00e4hes taianomaista. Lis\u00e4\u00e4 mukaan yhteensopiva rahi, ja nojatuolista voi tulla suorastaan vastustamaton.<\/p>\n<p>Voit valita kahdesta vaihtoehdosta: itsen\u00e4inen nojatuoli tai nojatuoli rahin kanssa. Molemmat on valmistettu vanerista ja puusta, mik\u00e4 takaa niiden vahvuuden ja kest\u00e4vyyden. <strong>Jalkojen ja k\u00e4sinojien v\u00e4rivalinta on t\u00e4rke\u00e4 yksityiskohta<\/strong>, ja vaihtoehtoina ovat musta tai \u00f6ljytty tammi, joka antaa tuolille erityisen hienostuneen ilmeen.<\/p>\n<p>Suosittelemme <strong>Karin-nojatuolia<\/strong> luonnollisella lampaannahkaverhoilulla, joka on erityisen pehme\u00e4 ja ylellinen. Voit kuitenkin valita my\u00f6s yli 2000 kangasvaihtoehdosta sek\u00e4 nojatuolille ett\u00e4 rahille. Verhoilun voi valita hillityksi tai rohkeaksi \u2013 juuri niin, ett\u00e4 se parhaiten sopii sisustukseesi.<\/p>\n<p>Voit tutustua koko kangasvalikoimaan n\u00e4yttelytilassamme osoitteessa Riia 142, Tartto.<\/p>\n<p>Huomioithan, ett\u00e4 v\u00e4rit voivat poiketa n\u00e4yt\u00f6ll\u00e4 n\u00e4kyv\u00e4st\u00e4. Suosittelemme tarkistamaan v\u00e4rit n\u00e4yttelytilassamme.<\/p>\n","protected":false},"featured_media":35514,"template":"","meta":{"_acf_changed":false},"wpc-attribute-group":[],"product_brand":[],"product_cat":[2237],"product_tag":[],"class_list":{"0":"post-53669","1":"product","2":"type-product","3":"status-publish","4":"has-post-thumbnail","6":"product_cat-nojatuolit","7":"pa_e-poe-kangavalik-canberra-graphite-fi","8":"pa_e-poe-kangavalik-canberra-natural-fi","10":"first","11":"instock","12":"taxable","13":"shipping-taxable","14":"purchasable","15":"product-type-variable","16":"add-to-wishlist-after_add_to_cart"},"acf":[],"yoast_head":"<!-- This site is optimized with the Yoast SEO plugin v26.1 - https:\/\/yoast.com\/wordpress\/plugins\/seo\/ -->\n<title>Karin - Bellfire<\/title>\n<meta name=\"robots\" content=\"index, follow, max-snippet:-1, max-image-preview:large, max-video-preview:-1\" \/>\n<link rel=\"canonical\" href=\"https:\/\/bellfire.ee\/fi\/olohuone\/nojatuolit\/karin\/\" \/>\n<meta property=\"og:locale\" content=\"fi_FI\" \/>\n<meta property=\"og:type\" content=\"article\" \/>\n<meta property=\"og:title\" content=\"Karin - Bellfire\" \/>\n<meta property=\"og:description\" content=\"Kauniisti kaarevat k\u00e4sinojat tekev\u00e4t Karin-nojatuolista yht\u00e4 vangitsevan kuin aamun ensimm\u00e4iset auringons\u00e4teet, tehden siit\u00e4 ajattoman klassikon, joka sopii t\u00e4ydellisesti mihin tahansa olohuoneeseen. Korkea selk\u00e4noja ja houkuttelevan pehme\u00e4 polyuretaanivaahtoverhoilu tekev\u00e4t istumisesta t\u00e4ss\u00e4 tuolissa l\u00e4hes taianomaista. Lis\u00e4\u00e4 mukaan yhteensopiva rahi, ja nojatuolista voi tulla suorastaan vastustamaton.  Voit valita kahdesta vaihtoehdosta: itsen\u00e4inen nojatuoli tai nojatuoli rahin kanssa. Molemmat on valmistettu vanerista ja puusta, mik\u00e4 takaa niiden vahvuuden ja kest\u00e4vyyden. Jalkojen ja k\u00e4sinojien v\u00e4rivalinta on t\u00e4rke\u00e4 yksityiskohta, ja vaihtoehtoina ovat musta tai \u00f6ljytty tammi, joka antaa tuolille erityisen hienostuneen ilmeen.  Suosittelemme Karin-nojatuolia luonnollisella lampaannahkaverhoilulla, joka on erityisen pehme\u00e4 ja ylellinen. Voit kuitenkin valita my\u00f6s yli 2000 kangasvaihtoehdosta sek\u00e4 nojatuolille ett\u00e4 rahille. Verhoilun voi valita hillityksi tai rohkeaksi \u2013 juuri niin, ett\u00e4 se parhaiten sopii sisustukseesi.  Voit tutustua koko kangasvalikoimaan n\u00e4yttelytilassamme osoitteessa Riia 142, Tartto.  Huomioithan, ett\u00e4 v\u00e4rit voivat poiketa n\u00e4yt\u00f6ll\u00e4 n\u00e4kyv\u00e4st\u00e4. Suosittelemme tarkistamaan v\u00e4rit n\u00e4yttelytilassamme.\" \/>\n<meta property=\"og:url\" content=\"https:\/\/bellfire.ee\/fi\/olohuone\/nojatuolit\/karin\/\" \/>\n<meta property=\"og:site_name\" content=\"Bellfire\" \/>\n<meta property=\"og:image\" content=\"https:\/\/bellfire.ee\/wp-content\/uploads\/2024\/10\/Karin_ottomaniga_lambanahk_oiled_oak_details.jpg\" \/>\n\t<meta property=\"og:image:width\" content=\"1920\" \/>\n\t<meta property=\"og:image:height\" content=\"1080\" \/>\n\t<meta property=\"og:image:type\" content=\"image\/jpeg\" \/>\n<meta name=\"twitter:card\" content=\"summary_large_image\" \/>\n<meta name=\"twitter:label1\" content=\"Arvioitu lukuaika\" \/>\n\t<meta name=\"twitter:data1\" content=\"1 minuutti\" \/>\n<script type=\"application\/ld+json\" class=\"yoast-schema-graph\">{\"@context\":\"https:\/\/schema.org\",\"@graph\":[{\"@type\":\"WebPage\",\"@id\":\"https:\/\/bellfire.ee\/fi\/olohuone\/nojatuolit\/karin\/\",\"url\":\"https:\/\/bellfire.ee\/fi\/olohuone\/nojatuolit\/karin\/\",\"name\":\"Karin - Bellfire\",\"isPartOf\":{\"@id\":\"https:\/\/bellfire.ee\/fi\/#website\"},\"primaryImageOfPage\":{\"@id\":\"https:\/\/bellfire.ee\/fi\/olohuone\/nojatuolit\/karin\/#primaryimage\"},\"image\":{\"@id\":\"https:\/\/bellfire.ee\/fi\/olohuone\/nojatuolit\/karin\/#primaryimage\"},\"thumbnailUrl\":\"https:\/\/bellfire.ee\/wp-content\/uploads\/2024\/10\/Karin_ottomaniga_lambanahk_oiled_oak_details.jpg\",\"datePublished\":\"2019-11-11T19:25:46+00:00\",\"breadcrumb\":{\"@id\":\"https:\/\/bellfire.ee\/fi\/olohuone\/nojatuolit\/karin\/#breadcrumb\"},\"inLanguage\":\"fi\",\"potentialAction\":[{\"@type\":\"ReadAction\",\"target\":[\"https:\/\/bellfire.ee\/fi\/olohuone\/nojatuolit\/karin\/\"]}]},{\"@type\":\"ImageObject\",\"inLanguage\":\"fi\",\"@id\":\"https:\/\/bellfire.ee\/fi\/olohuone\/nojatuolit\/karin\/#primaryimage\",\"url\":\"https:\/\/bellfire.ee\/wp-content\/uploads\/2024\/10\/Karin_ottomaniga_lambanahk_oiled_oak_details.jpg\",\"contentUrl\":\"https:\/\/bellfire.ee\/wp-content\/uploads\/2024\/10\/Karin_ottomaniga_lambanahk_oiled_oak_details.jpg\",\"width\":1920,\"height\":1080},{\"@type\":\"BreadcrumbList\",\"@id\":\"https:\/\/bellfire.ee\/fi\/olohuone\/nojatuolit\/karin\/#breadcrumb\",\"itemListElement\":[{\"@type\":\"ListItem\",\"position\":1,\"name\":\"Avaleht\",\"item\":\"https:\/\/bellfire.ee\/fi\/\"},{\"@type\":\"ListItem\",\"position\":2,\"name\":\"Huonekalut\",\"item\":\"https:\/\/bellfire.ee\/fi\/huonekalut\/\"},{\"@type\":\"ListItem\",\"position\":3,\"name\":\"Karin\"}]},{\"@type\":\"WebSite\",\"@id\":\"https:\/\/bellfire.ee\/fi\/#website\",\"url\":\"https:\/\/bellfire.ee\/fi\/\",\"name\":\"Bellfire\",\"description\":\"Disainm\u00f6\u00f6bel Sinu koju Eesti pehme m\u00f6\u00f6bli tootjal\",\"publisher\":{\"@id\":\"https:\/\/bellfire.ee\/fi\/#organization\"},\"potentialAction\":[{\"@type\":\"SearchAction\",\"target\":{\"@type\":\"EntryPoint\",\"urlTemplate\":\"https:\/\/bellfire.ee\/fi\/?s={search_term_string}\"},\"query-input\":{\"@type\":\"PropertyValueSpecification\",\"valueRequired\":true,\"valueName\":\"search_term_string\"}}],\"inLanguage\":\"fi\"},{\"@type\":\"Organization\",\"@id\":\"https:\/\/bellfire.ee\/fi\/#organization\",\"name\":\"Bellfire\",\"url\":\"https:\/\/bellfire.ee\/fi\/\",\"logo\":{\"@type\":\"ImageObject\",\"inLanguage\":\"fi\",\"@id\":\"https:\/\/bellfire.ee\/fi\/#\/schema\/logo\/image\/\",\"url\":\"https:\/\/bellfire.ee\/wp-content\/uploads\/2024\/10\/Site-logo.svg\",\"contentUrl\":\"https:\/\/bellfire.ee\/wp-content\/uploads\/2024\/10\/Site-logo.svg\",\"width\":55,\"height\":64,\"caption\":\"Bellfire\"},\"image\":{\"@id\":\"https:\/\/bellfire.ee\/fi\/#\/schema\/logo\/image\/\"}}]}<\/script>\n<!-- \/ Yoast SEO plugin. -->","yoast_head_json":{"title":"Karin - Bellfire","robots":{"index":"index","follow":"follow","max-snippet":"max-snippet:-1","max-image-preview":"max-image-preview:large","max-video-preview":"max-video-preview:-1"},"canonical":"https:\/\/bellfire.ee\/fi\/olohuone\/nojatuolit\/karin\/","og_locale":"fi_FI","og_type":"article","og_title":"Karin - Bellfire","og_description":"Kauniisti kaarevat k\u00e4sinojat tekev\u00e4t Karin-nojatuolista yht\u00e4 vangitsevan kuin aamun ensimm\u00e4iset auringons\u00e4teet, tehden siit\u00e4 ajattoman klassikon, joka sopii t\u00e4ydellisesti mihin tahansa olohuoneeseen. Korkea selk\u00e4noja ja houkuttelevan pehme\u00e4 polyuretaanivaahtoverhoilu tekev\u00e4t istumisesta t\u00e4ss\u00e4 tuolissa l\u00e4hes taianomaista. Lis\u00e4\u00e4 mukaan yhteensopiva rahi, ja nojatuolista voi tulla suorastaan vastustamaton.  Voit valita kahdesta vaihtoehdosta: itsen\u00e4inen nojatuoli tai nojatuoli rahin kanssa. Molemmat on valmistettu vanerista ja puusta, mik\u00e4 takaa niiden vahvuuden ja kest\u00e4vyyden. Jalkojen ja k\u00e4sinojien v\u00e4rivalinta on t\u00e4rke\u00e4 yksityiskohta, ja vaihtoehtoina ovat musta tai \u00f6ljytty tammi, joka antaa tuolille erityisen hienostuneen ilmeen.  Suosittelemme Karin-nojatuolia luonnollisella lampaannahkaverhoilulla, joka on erityisen pehme\u00e4 ja ylellinen. Voit kuitenkin valita my\u00f6s yli 2000 kangasvaihtoehdosta sek\u00e4 nojatuolille ett\u00e4 rahille. Verhoilun voi valita hillityksi tai rohkeaksi \u2013 juuri niin, ett\u00e4 se parhaiten sopii sisustukseesi.  Voit tutustua koko kangasvalikoimaan n\u00e4yttelytilassamme osoitteessa Riia 142, Tartto.  Huomioithan, ett\u00e4 v\u00e4rit voivat poiketa n\u00e4yt\u00f6ll\u00e4 n\u00e4kyv\u00e4st\u00e4. Suosittelemme tarkistamaan v\u00e4rit n\u00e4yttelytilassamme.","og_url":"https:\/\/bellfire.ee\/fi\/olohuone\/nojatuolit\/karin\/","og_site_name":"Bellfire","og_image":[{"width":1920,"height":1080,"url":"https:\/\/bellfire.ee\/wp-content\/uploads\/2024\/10\/Karin_ottomaniga_lambanahk_oiled_oak_details.jpg","type":"image\/jpeg"}],"twitter_card":"summary_large_image","twitter_misc":{"Arvioitu lukuaika":"1 minuutti"},"schema":{"@context":"https:\/\/schema.org","@graph":[{"@type":"WebPage","@id":"https:\/\/bellfire.ee\/fi\/olohuone\/nojatuolit\/karin\/","url":"https:\/\/bellfire.ee\/fi\/olohuone\/nojatuolit\/karin\/","name":"Karin - Bellfire","isPartOf":{"@id":"https:\/\/bellfire.ee\/fi\/#website"},"primaryImageOfPage":{"@id":"https:\/\/bellfire.ee\/fi\/olohuone\/nojatuolit\/karin\/#primaryimage"},"image":{"@id":"https:\/\/bellfire.ee\/fi\/olohuone\/nojatuolit\/karin\/#primaryimage"},"thumbnailUrl":"https:\/\/bellfire.ee\/wp-content\/uploads\/2024\/10\/Karin_ottomaniga_lambanahk_oiled_oak_details.jpg","datePublished":"2019-11-11T19:25:46+00:00","breadcrumb":{"@id":"https:\/\/bellfire.ee\/fi\/olohuone\/nojatuolit\/karin\/#breadcrumb"},"inLanguage":"fi","potentialAction":[{"@type":"ReadAction","target":["https:\/\/bellfire.ee\/fi\/olohuone\/nojatuolit\/karin\/"]}]},{"@type":"ImageObject","inLanguage":"fi","@id":"https:\/\/bellfire.ee\/fi\/olohuone\/nojatuolit\/karin\/#primaryimage","url":"https:\/\/bellfire.ee\/wp-content\/uploads\/2024\/10\/Karin_ottomaniga_lambanahk_oiled_oak_details.jpg","contentUrl":"https:\/\/bellfire.ee\/wp-content\/uploads\/2024\/10\/Karin_ottomaniga_lambanahk_oiled_oak_details.jpg","width":1920,"height":1080},{"@type":"BreadcrumbList","@id":"https:\/\/bellfire.ee\/fi\/olohuone\/nojatuolit\/karin\/#breadcrumb","itemListElement":[{"@type":"ListItem","position":1,"name":"Avaleht","item":"https:\/\/bellfire.ee\/fi\/"},{"@type":"ListItem","position":2,"name":"Huonekalut","item":"https:\/\/bellfire.ee\/fi\/huonekalut\/"},{"@type":"ListItem","position":3,"name":"Karin"}]},{"@type":"WebSite","@id":"https:\/\/bellfire.ee\/fi\/#website","url":"https:\/\/bellfire.ee\/fi\/","name":"Bellfire","description":"Disainm\u00f6\u00f6bel Sinu koju Eesti pehme m\u00f6\u00f6bli tootjal","publisher":{"@id":"https:\/\/bellfire.ee\/fi\/#organization"},"potentialAction":[{"@type":"SearchAction","target":{"@type":"EntryPoint","urlTemplate":"https:\/\/bellfire.ee\/fi\/?s={search_term_string}"},"query-input":{"@type":"PropertyValueSpecification","valueRequired":true,"valueName":"search_term_string"}}],"inLanguage":"fi"},{"@type":"Organization","@id":"https:\/\/bellfire.ee\/fi\/#organization","name":"Bellfire","url":"https:\/\/bellfire.ee\/fi\/","logo":{"@type":"ImageObject","inLanguage":"fi","@id":"https:\/\/bellfire.ee\/fi\/#\/schema\/logo\/image\/","url":"https:\/\/bellfire.ee\/wp-content\/uploads\/2024\/10\/Site-logo.svg","contentUrl":"https:\/\/bellfire.ee\/wp-content\/uploads\/2024\/10\/Site-logo.svg","width":55,"height":64,"caption":"Bellfire"},"image":{"@id":"https:\/\/bellfire.ee\/fi\/#\/schema\/logo\/image\/"}}]}},"_links":{"self":[{"href":"https:\/\/bellfire.ee\/fi\/wp-json\/wp\/v2\/product\/53669","targetHints":{"allow":["GET"]}}],"collection":[{"href":"https:\/\/bellfire.ee\/fi\/wp-json\/wp\/v2\/product"}],"about":[{"href":"https:\/\/bellfire.ee\/fi\/wp-json\/wp\/v2\/types\/product"}],"wp:featuredmedia":[{"embeddable":true,"href":"https:\/\/bellfire.ee\/fi\/wp-json\/wp\/v2\/media\/35514"}],"wp:attachment":[{"href":"https:\/\/bellfire.ee\/fi\/wp-json\/wp\/v2\/media?parent=53669"}],"wp:term":[{"taxonomy":"wpc-attribute-group","embeddable":true,"href":"https:\/\/bellfire.ee\/fi\/wp-json\/wp\/v2\/wpc-attribute-group?post=53669"},{"taxonomy":"product_brand","embeddable":true,"href":"https:\/\/bellfire.ee\/fi\/wp-json\/wp\/v2\/product_brand?post=53669"},{"taxonomy":"product_cat","embeddable":true,"href":"https:\/\/bellfire.ee\/fi\/wp-json\/wp\/v2\/product_cat?post=53669"},{"taxonomy":"product_tag","embeddable":true,"href":"https:\/\/bellfire.ee\/fi\/wp-json\/wp\/v2\/product_tag?post=53669"}],"curies":[{"name":"wp","href":"https:\/\/api.w.org\/{rel}","templated":true}]}}