{"id":53527,"date":"2020-10-09T20:03:53","date_gmt":"2020-10-09T20:03:53","guid":{"rendered":"https:\/\/bellfire.ee\/Ei-luokiteltu\/mocca-ottoman\/"},"modified":"2020-10-09T20:03:53","modified_gmt":"2020-10-09T20:03:53","slug":"mocca-ottoman","status":"publish","type":"product","link":"https:\/\/bellfire.ee\/fi\/olohuone\/rahit\/mocca-ottoman\/","title":{"rendered":"Mocca ottoman"},"content":{"rendered":"<div class=\"flex-1 overflow-hidden\">\n<div class=\"h-full\">\n<div class=\"react-scroll-to-bottom--css-twnkw-79elbk h-full\">\n<div class=\"react-scroll-to-bottom--css-twnkw-1n7m0yu\">\n<div class=\"flex flex-col text-sm md:pb-9\">\n<article class=\"w-full scroll-mb-[var(--thread-trailing-height,150px)] text-token-text-primary focus-visible:outline-2 focus-visible:outline-offset-[-4px]\" dir=\"auto\" data-testid=\"conversation-turn-39\" data-scroll-anchor=\"true\">\n<div class=\"m-auto text-base py-[18px] px-3 md:px-4 w-full md:px-5 lg:px-4 xl:px-5\">\n<div class=\"mx-auto flex flex-1 gap-4 text-base md:gap-5 lg:gap-6 md:max-w-3xl lg:max-w-[40rem] xl:max-w-[48rem]\">\n<div class=\"group\/conversation-turn relative flex w-full min-w-0 flex-col agent-turn\">\n<div class=\"flex-col gap-1 md:gap-3\">\n<div class=\"flex max-w-full flex-col flex-grow\">\n<div class=\"min-h-8 text-message flex w-full flex-col items-end gap-2 whitespace-normal break-words [.text-message+&amp;]:mt-5\" dir=\"auto\" data-message-author-role=\"assistant\" data-message-id=\"222163f9-e12f-4389-8071-c36b25e507ba\" data-message-model-slug=\"gpt-4o\">\n<div class=\"flex w-full flex-col gap-1 empty:hidden first:pt-[3px]\">\n<div class=\"markdown prose w-full break-words dark:prose-invert light\">\n<p><strong>Mocca-rahi<\/strong> hurmaa kauniilla mittasuhteillaan ja pelkistetyll\u00e4 pohjoismaisella muotoilullaan. Se on erinomainen valinta niille, jotka kaipaavat n\u00e4ytt\u00e4v\u00e4\u00e4 lis\u00e4istuinta kotiin tai toimistoon. H\u00f6yhenill\u00e4 t\u00e4ytetty polyuretaanivaahtotyyny tekee istumisesta miellytt\u00e4v\u00e4\u00e4, ja aika yst\u00e4vien tai l\u00e4heisten seurassa kuluu kuin siivill\u00e4. Lis\u00e4ksi se tarjoaa mainion mahdollisuuden ojentaa jalat ja rentoutua sohvalta k\u00e4sin. <strong>Rahin korkeus<\/strong>, 45 cm, on t\u00e4h\u00e4n tarkoitukseen ihanteellinen.<\/p>\n<p>Koivuvanerista ja m\u00e4nnyst\u00e4 valmistettu runko tekee tuotteesta vahvan ja kest\u00e4v\u00e4n. Verhoilu on korkealaatuista ja helppo pit\u00e4\u00e4 puhtaana. <strong>Mocca-rahi<\/strong> on kooltaan <strong>65 \u00d7 95 cm<\/strong>, ja sen korkeus on <strong>45 cm<\/strong>. Metallijalat, joiden korkeus on 15 cm, tuovat modernin ilmeen. Rahi sopii t\u00e4ydellisesti yhteen <strong>Mocca<\/strong>, <strong>Slim Line<\/strong> ja <strong>Plaza<\/strong> -sohvien kanssa, luoden tyylikk\u00e4\u00e4n ja yhten\u00e4isen kokonaisuuden.<\/p>\n<p>Voit tutustua koko kangasvalikoimaan n\u00e4yttelytilassamme osoitteessa Riia 142, Tartto.<\/p>\n<p>Huomioithan, ett\u00e4 v\u00e4rit voivat poiketa n\u00e4yt\u00f6ll\u00e4 n\u00e4kyv\u00e4st\u00e4. Suosittelemme tarkistamaan v\u00e4rit n\u00e4yttelytilassamme.<\/p>\n<\/div>\n<\/div>\n<\/div>\n<\/div>\n<\/div>\n<\/div>\n<\/div>\n<\/div>\n<\/article>\n<\/div>\n<\/div>\n<\/div>\n<\/div>\n<\/div>\n","protected":false},"excerpt":{"rendered":"<p><strong>Mocca-rahi<\/strong> hurmaa kauniilla mittasuhteillaan ja pelkistetyll\u00e4 pohjoismaisella muotoilullaan. Se on erinomainen valinta niille, jotka kaipaavat n\u00e4ytt\u00e4v\u00e4\u00e4 lis\u00e4istuinta kotiin tai toimistoon. H\u00f6yhenill\u00e4 t\u00e4ytetty polyuretaanivaahtotyyny tekee istumisesta miellytt\u00e4v\u00e4\u00e4, ja aika yst\u00e4vien tai l\u00e4heisten seurassa kuluu kuin siivill\u00e4. Lis\u00e4ksi se tarjoaa mainion mahdollisuuden ojentaa jalat ja rentoutua sohvalta k\u00e4sin. <strong>Rahin korkeus<\/strong>, 45 cm, on t\u00e4h\u00e4n tarkoitukseen ihanteellinen.<\/p>\n<p>Koivuvanerista ja m\u00e4nnyst\u00e4 valmistettu runko tekee tuotteesta vahvan ja kest\u00e4v\u00e4n. Verhoilu on korkealaatuista ja helppo pit\u00e4\u00e4 puhtaana. <strong>Mocca-rahi<\/strong> on kooltaan <strong>65 \u00d7 95 cm<\/strong>, ja sen korkeus on <strong>45 cm<\/strong>. Metallijalat, joiden korkeus on 15 cm, tuovat modernin ilmeen. Rahi sopii t\u00e4ydellisesti yhteen <strong>Mocca<\/strong>, <strong>Slim Line<\/strong> ja <strong>Plaza<\/strong> -sohvien kanssa, luoden tyylikk\u00e4\u00e4n ja yhten\u00e4isen kokonaisuuden.<\/p>\n<p>Voit tutustua koko kangasvalikoimaan n\u00e4yttelytilassamme osoitteessa Riia 142, Tartto.<\/p>\n<p>Huomioithan, ett\u00e4 v\u00e4rit voivat poiketa n\u00e4yt\u00f6ll\u00e4 n\u00e4kyv\u00e4st\u00e4. Suosittelemme tarkistamaan v\u00e4rit n\u00e4yttelytilassamme.<\/p>\n","protected":false},"featured_media":37218,"template":"","meta":{"_acf_changed":false},"wpc-attribute-group":[],"product_brand":[],"product_cat":[2242],"product_tag":[],"class_list":{"0":"post-53527","1":"product","2":"type-product","3":"status-publish","4":"has-post-thumbnail","6":"product_cat-rahit","7":"pa_e-poe-kangavalik-devon-boudoir-fi","8":"pa_e-poe-kangavalik-devon-onyx-fi","9":"pa_e-poe-kangavalik-devon-linden-fi","10":"pa_e-poe-kangavalik-devon-marine-fi","11":"pa_e-poe-kangavalik-devon-sesame-fi","12":"pa_e-poe-kangavalik-devon-shark-fi","13":"pa_e-poe-kangavalik-devon-snow-fi","15":"first","16":"instock","17":"taxable","18":"shipping-taxable","19":"purchasable","20":"product-type-variable","21":"add-to-wishlist-after_add_to_cart"},"acf":[],"yoast_head":"<!-- This site is optimized with the Yoast SEO plugin v26.1 - https:\/\/yoast.com\/wordpress\/plugins\/seo\/ -->\n<title>Mocca ottoman - Bellfire<\/title>\n<meta name=\"robots\" content=\"index, follow, max-snippet:-1, max-image-preview:large, max-video-preview:-1\" \/>\n<link rel=\"canonical\" href=\"https:\/\/bellfire.ee\/fi\/olohuone\/rahit\/mocca-ottoman\/\" \/>\n<meta property=\"og:locale\" content=\"fi_FI\" \/>\n<meta property=\"og:type\" content=\"article\" \/>\n<meta property=\"og:title\" content=\"Mocca ottoman - Bellfire\" \/>\n<meta property=\"og:description\" content=\"Mocca-rahi hurmaa kauniilla mittasuhteillaan ja pelkistetyll\u00e4 pohjoismaisella muotoilullaan. Se on erinomainen valinta niille, jotka kaipaavat n\u00e4ytt\u00e4v\u00e4\u00e4 lis\u00e4istuinta kotiin tai toimistoon. H\u00f6yhenill\u00e4 t\u00e4ytetty polyuretaanivaahtotyyny tekee istumisesta miellytt\u00e4v\u00e4\u00e4, ja aika yst\u00e4vien tai l\u00e4heisten seurassa kuluu kuin siivill\u00e4. Lis\u00e4ksi se tarjoaa mainion mahdollisuuden ojentaa jalat ja rentoutua sohvalta k\u00e4sin. Rahin korkeus, 45 cm, on t\u00e4h\u00e4n tarkoitukseen ihanteellinen.  Koivuvanerista ja m\u00e4nnyst\u00e4 valmistettu runko tekee tuotteesta vahvan ja kest\u00e4v\u00e4n. Verhoilu on korkealaatuista ja helppo pit\u00e4\u00e4 puhtaana. Mocca-rahi on kooltaan 65 \u00d7 95 cm, ja sen korkeus on 45 cm. Metallijalat, joiden korkeus on 15 cm, tuovat modernin ilmeen. Rahi sopii t\u00e4ydellisesti yhteen Mocca, Slim Line ja Plaza -sohvien kanssa, luoden tyylikk\u00e4\u00e4n ja yhten\u00e4isen kokonaisuuden.  Voit tutustua koko kangasvalikoimaan n\u00e4yttelytilassamme osoitteessa Riia 142, Tartto.  Huomioithan, ett\u00e4 v\u00e4rit voivat poiketa n\u00e4yt\u00f6ll\u00e4 n\u00e4kyv\u00e4st\u00e4. Suosittelemme tarkistamaan v\u00e4rit n\u00e4yttelytilassamme.\" \/>\n<meta property=\"og:url\" content=\"https:\/\/bellfire.ee\/fi\/olohuone\/rahit\/mocca-ottoman\/\" \/>\n<meta property=\"og:site_name\" content=\"Bellfire\" \/>\n<meta property=\"og:image\" content=\"https:\/\/bellfire.ee\/wp-content\/uploads\/2024\/10\/Mocca-ottoman-1-scaled-1.jpg\" \/>\n\t<meta property=\"og:image:width\" content=\"2560\" \/>\n\t<meta property=\"og:image:height\" content=\"1857\" \/>\n\t<meta property=\"og:image:type\" content=\"image\/jpeg\" \/>\n<meta name=\"twitter:card\" content=\"summary_large_image\" \/>\n<meta name=\"twitter:label1\" content=\"Arvioitu lukuaika\" \/>\n\t<meta name=\"twitter:data1\" content=\"1 minuutti\" \/>\n<script type=\"application\/ld+json\" class=\"yoast-schema-graph\">{\"@context\":\"https:\/\/schema.org\",\"@graph\":[{\"@type\":\"WebPage\",\"@id\":\"https:\/\/bellfire.ee\/fi\/olohuone\/rahit\/mocca-ottoman\/\",\"url\":\"https:\/\/bellfire.ee\/fi\/olohuone\/rahit\/mocca-ottoman\/\",\"name\":\"Mocca ottoman - Bellfire\",\"isPartOf\":{\"@id\":\"https:\/\/bellfire.ee\/fi\/#website\"},\"primaryImageOfPage\":{\"@id\":\"https:\/\/bellfire.ee\/fi\/olohuone\/rahit\/mocca-ottoman\/#primaryimage\"},\"image\":{\"@id\":\"https:\/\/bellfire.ee\/fi\/olohuone\/rahit\/mocca-ottoman\/#primaryimage\"},\"thumbnailUrl\":\"https:\/\/bellfire.ee\/wp-content\/uploads\/2024\/10\/Mocca-ottoman-1-scaled-1.jpg\",\"datePublished\":\"2020-10-09T20:03:53+00:00\",\"breadcrumb\":{\"@id\":\"https:\/\/bellfire.ee\/fi\/olohuone\/rahit\/mocca-ottoman\/#breadcrumb\"},\"inLanguage\":\"fi\",\"potentialAction\":[{\"@type\":\"ReadAction\",\"target\":[\"https:\/\/bellfire.ee\/fi\/olohuone\/rahit\/mocca-ottoman\/\"]}]},{\"@type\":\"ImageObject\",\"inLanguage\":\"fi\",\"@id\":\"https:\/\/bellfire.ee\/fi\/olohuone\/rahit\/mocca-ottoman\/#primaryimage\",\"url\":\"https:\/\/bellfire.ee\/wp-content\/uploads\/2024\/10\/Mocca-ottoman-1-scaled-1.jpg\",\"contentUrl\":\"https:\/\/bellfire.ee\/wp-content\/uploads\/2024\/10\/Mocca-ottoman-1-scaled-1.jpg\",\"width\":2560,\"height\":1857},{\"@type\":\"BreadcrumbList\",\"@id\":\"https:\/\/bellfire.ee\/fi\/olohuone\/rahit\/mocca-ottoman\/#breadcrumb\",\"itemListElement\":[{\"@type\":\"ListItem\",\"position\":1,\"name\":\"Avaleht\",\"item\":\"https:\/\/bellfire.ee\/fi\/\"},{\"@type\":\"ListItem\",\"position\":2,\"name\":\"Huonekalut\",\"item\":\"https:\/\/bellfire.ee\/fi\/huonekalut\/\"},{\"@type\":\"ListItem\",\"position\":3,\"name\":\"Mocca ottoman\"}]},{\"@type\":\"WebSite\",\"@id\":\"https:\/\/bellfire.ee\/fi\/#website\",\"url\":\"https:\/\/bellfire.ee\/fi\/\",\"name\":\"Bellfire\",\"description\":\"Disainm\u00f6\u00f6bel Sinu koju Eesti pehme m\u00f6\u00f6bli tootjal\",\"publisher\":{\"@id\":\"https:\/\/bellfire.ee\/fi\/#organization\"},\"potentialAction\":[{\"@type\":\"SearchAction\",\"target\":{\"@type\":\"EntryPoint\",\"urlTemplate\":\"https:\/\/bellfire.ee\/fi\/?s={search_term_string}\"},\"query-input\":{\"@type\":\"PropertyValueSpecification\",\"valueRequired\":true,\"valueName\":\"search_term_string\"}}],\"inLanguage\":\"fi\"},{\"@type\":\"Organization\",\"@id\":\"https:\/\/bellfire.ee\/fi\/#organization\",\"name\":\"Bellfire\",\"url\":\"https:\/\/bellfire.ee\/fi\/\",\"logo\":{\"@type\":\"ImageObject\",\"inLanguage\":\"fi\",\"@id\":\"https:\/\/bellfire.ee\/fi\/#\/schema\/logo\/image\/\",\"url\":\"https:\/\/bellfire.ee\/wp-content\/uploads\/2024\/10\/Site-logo.svg\",\"contentUrl\":\"https:\/\/bellfire.ee\/wp-content\/uploads\/2024\/10\/Site-logo.svg\",\"width\":55,\"height\":64,\"caption\":\"Bellfire\"},\"image\":{\"@id\":\"https:\/\/bellfire.ee\/fi\/#\/schema\/logo\/image\/\"}}]}<\/script>\n<!-- \/ Yoast SEO plugin. -->","yoast_head_json":{"title":"Mocca ottoman - Bellfire","robots":{"index":"index","follow":"follow","max-snippet":"max-snippet:-1","max-image-preview":"max-image-preview:large","max-video-preview":"max-video-preview:-1"},"canonical":"https:\/\/bellfire.ee\/fi\/olohuone\/rahit\/mocca-ottoman\/","og_locale":"fi_FI","og_type":"article","og_title":"Mocca ottoman - Bellfire","og_description":"Mocca-rahi hurmaa kauniilla mittasuhteillaan ja pelkistetyll\u00e4 pohjoismaisella muotoilullaan. Se on erinomainen valinta niille, jotka kaipaavat n\u00e4ytt\u00e4v\u00e4\u00e4 lis\u00e4istuinta kotiin tai toimistoon. H\u00f6yhenill\u00e4 t\u00e4ytetty polyuretaanivaahtotyyny tekee istumisesta miellytt\u00e4v\u00e4\u00e4, ja aika yst\u00e4vien tai l\u00e4heisten seurassa kuluu kuin siivill\u00e4. Lis\u00e4ksi se tarjoaa mainion mahdollisuuden ojentaa jalat ja rentoutua sohvalta k\u00e4sin. Rahin korkeus, 45 cm, on t\u00e4h\u00e4n tarkoitukseen ihanteellinen.  Koivuvanerista ja m\u00e4nnyst\u00e4 valmistettu runko tekee tuotteesta vahvan ja kest\u00e4v\u00e4n. Verhoilu on korkealaatuista ja helppo pit\u00e4\u00e4 puhtaana. Mocca-rahi on kooltaan 65 \u00d7 95 cm, ja sen korkeus on 45 cm. Metallijalat, joiden korkeus on 15 cm, tuovat modernin ilmeen. Rahi sopii t\u00e4ydellisesti yhteen Mocca, Slim Line ja Plaza -sohvien kanssa, luoden tyylikk\u00e4\u00e4n ja yhten\u00e4isen kokonaisuuden.  Voit tutustua koko kangasvalikoimaan n\u00e4yttelytilassamme osoitteessa Riia 142, Tartto.  Huomioithan, ett\u00e4 v\u00e4rit voivat poiketa n\u00e4yt\u00f6ll\u00e4 n\u00e4kyv\u00e4st\u00e4. Suosittelemme tarkistamaan v\u00e4rit n\u00e4yttelytilassamme.","og_url":"https:\/\/bellfire.ee\/fi\/olohuone\/rahit\/mocca-ottoman\/","og_site_name":"Bellfire","og_image":[{"width":2560,"height":1857,"url":"https:\/\/bellfire.ee\/wp-content\/uploads\/2024\/10\/Mocca-ottoman-1-scaled-1.jpg","type":"image\/jpeg"}],"twitter_card":"summary_large_image","twitter_misc":{"Arvioitu lukuaika":"1 minuutti"},"schema":{"@context":"https:\/\/schema.org","@graph":[{"@type":"WebPage","@id":"https:\/\/bellfire.ee\/fi\/olohuone\/rahit\/mocca-ottoman\/","url":"https:\/\/bellfire.ee\/fi\/olohuone\/rahit\/mocca-ottoman\/","name":"Mocca ottoman - Bellfire","isPartOf":{"@id":"https:\/\/bellfire.ee\/fi\/#website"},"primaryImageOfPage":{"@id":"https:\/\/bellfire.ee\/fi\/olohuone\/rahit\/mocca-ottoman\/#primaryimage"},"image":{"@id":"https:\/\/bellfire.ee\/fi\/olohuone\/rahit\/mocca-ottoman\/#primaryimage"},"thumbnailUrl":"https:\/\/bellfire.ee\/wp-content\/uploads\/2024\/10\/Mocca-ottoman-1-scaled-1.jpg","datePublished":"2020-10-09T20:03:53+00:00","breadcrumb":{"@id":"https:\/\/bellfire.ee\/fi\/olohuone\/rahit\/mocca-ottoman\/#breadcrumb"},"inLanguage":"fi","potentialAction":[{"@type":"ReadAction","target":["https:\/\/bellfire.ee\/fi\/olohuone\/rahit\/mocca-ottoman\/"]}]},{"@type":"ImageObject","inLanguage":"fi","@id":"https:\/\/bellfire.ee\/fi\/olohuone\/rahit\/mocca-ottoman\/#primaryimage","url":"https:\/\/bellfire.ee\/wp-content\/uploads\/2024\/10\/Mocca-ottoman-1-scaled-1.jpg","contentUrl":"https:\/\/bellfire.ee\/wp-content\/uploads\/2024\/10\/Mocca-ottoman-1-scaled-1.jpg","width":2560,"height":1857},{"@type":"BreadcrumbList","@id":"https:\/\/bellfire.ee\/fi\/olohuone\/rahit\/mocca-ottoman\/#breadcrumb","itemListElement":[{"@type":"ListItem","position":1,"name":"Avaleht","item":"https:\/\/bellfire.ee\/fi\/"},{"@type":"ListItem","position":2,"name":"Huonekalut","item":"https:\/\/bellfire.ee\/fi\/huonekalut\/"},{"@type":"ListItem","position":3,"name":"Mocca ottoman"}]},{"@type":"WebSite","@id":"https:\/\/bellfire.ee\/fi\/#website","url":"https:\/\/bellfire.ee\/fi\/","name":"Bellfire","description":"Disainm\u00f6\u00f6bel Sinu koju Eesti pehme m\u00f6\u00f6bli tootjal","publisher":{"@id":"https:\/\/bellfire.ee\/fi\/#organization"},"potentialAction":[{"@type":"SearchAction","target":{"@type":"EntryPoint","urlTemplate":"https:\/\/bellfire.ee\/fi\/?s={search_term_string}"},"query-input":{"@type":"PropertyValueSpecification","valueRequired":true,"valueName":"search_term_string"}}],"inLanguage":"fi"},{"@type":"Organization","@id":"https:\/\/bellfire.ee\/fi\/#organization","name":"Bellfire","url":"https:\/\/bellfire.ee\/fi\/","logo":{"@type":"ImageObject","inLanguage":"fi","@id":"https:\/\/bellfire.ee\/fi\/#\/schema\/logo\/image\/","url":"https:\/\/bellfire.ee\/wp-content\/uploads\/2024\/10\/Site-logo.svg","contentUrl":"https:\/\/bellfire.ee\/wp-content\/uploads\/2024\/10\/Site-logo.svg","width":55,"height":64,"caption":"Bellfire"},"image":{"@id":"https:\/\/bellfire.ee\/fi\/#\/schema\/logo\/image\/"}}]}},"_links":{"self":[{"href":"https:\/\/bellfire.ee\/fi\/wp-json\/wp\/v2\/product\/53527","targetHints":{"allow":["GET"]}}],"collection":[{"href":"https:\/\/bellfire.ee\/fi\/wp-json\/wp\/v2\/product"}],"about":[{"href":"https:\/\/bellfire.ee\/fi\/wp-json\/wp\/v2\/types\/product"}],"wp:featuredmedia":[{"embeddable":true,"href":"https:\/\/bellfire.ee\/fi\/wp-json\/wp\/v2\/media\/37218"}],"wp:attachment":[{"href":"https:\/\/bellfire.ee\/fi\/wp-json\/wp\/v2\/media?parent=53527"}],"wp:term":[{"taxonomy":"wpc-attribute-group","embeddable":true,"href":"https:\/\/bellfire.ee\/fi\/wp-json\/wp\/v2\/wpc-attribute-group?post=53527"},{"taxonomy":"product_brand","embeddable":true,"href":"https:\/\/bellfire.ee\/fi\/wp-json\/wp\/v2\/product_brand?post=53527"},{"taxonomy":"product_cat","embeddable":true,"href":"https:\/\/bellfire.ee\/fi\/wp-json\/wp\/v2\/product_cat?post=53527"},{"taxonomy":"product_tag","embeddable":true,"href":"https:\/\/bellfire.ee\/fi\/wp-json\/wp\/v2\/product_tag?post=53527"}],"curies":[{"name":"wp","href":"https:\/\/api.w.org\/{rel}","templated":true}]}}