{"id":53364,"date":"2021-04-13T09:52:13","date_gmt":"2021-04-13T09:52:13","guid":{"rendered":"https:\/\/bellfire.ee\/Ei-luokiteltu\/polo\/"},"modified":"2021-04-13T09:52:13","modified_gmt":"2021-04-13T09:52:13","slug":"polo","status":"publish","type":"product","link":"https:\/\/bellfire.ee\/fi\/olohuone\/nojatuolit\/polo\/","title":{"rendered":"Polo"},"content":{"rendered":"<p><strong>Polo-nojatuoli<\/strong> tarjoaa ajattoman muotoilun, jossa yhdistyv\u00e4t huolellinen k\u00e4sity\u00f6taito ja korkealaatuiset materiaalit. Tukevat puiset k\u00e4sinojat ja kest\u00e4v\u00e4t, 11 cm korkeat jalat antavat tuolille t\u00e4ydellisen korkeuden ja tekev\u00e4t siit\u00e4 visuaalisesti vaikuttavan. Yhdistettyn\u00e4 rahiin <strong>Polo-nojatuoli<\/strong> muodostaa t\u00e4ydellisen setin aitoa rentoutumista varten.<\/p>\n<p>Voit tutustua koko kangasvalikoimaan n\u00e4yttelytilassamme osoitteessa Riia 142, Tartto.<\/p>\n<p>Huomioithan, ett\u00e4 v\u00e4rit voivat poiketa n\u00e4yt\u00f6ll\u00e4 n\u00e4kyv\u00e4st\u00e4. Suosittelemme tarkistamaan v\u00e4rit n\u00e4yttelytilassamme.<\/p>\n","protected":false},"excerpt":{"rendered":"<p><strong>Polo-nojatuoli<\/strong> tarjoaa ajattoman muotoilun, jossa yhdistyv\u00e4t huolellinen k\u00e4sity\u00f6taito ja korkealaatuiset materiaalit. Tukevat puiset k\u00e4sinojat ja kest\u00e4v\u00e4t, 11 cm korkeat jalat antavat tuolille t\u00e4ydellisen korkeuden ja tekev\u00e4t siit\u00e4 visuaalisesti vaikuttavan. Yhdistettyn\u00e4 rahiin <strong>Polo-nojatuoli<\/strong> muodostaa t\u00e4ydellisen setin aitoa rentoutumista varten.<\/p>\n<p>Voit tutustua koko kangasvalikoimaan n\u00e4yttelytilassamme osoitteessa Riia 142, Tartto.<\/p>\n<p>Huomioithan, ett\u00e4 v\u00e4rit voivat poiketa n\u00e4yt\u00f6ll\u00e4 n\u00e4kyv\u00e4st\u00e4. Suosittelemme tarkistamaan v\u00e4rit n\u00e4yttelytilassamme.<\/p>\n","protected":false},"featured_media":39455,"template":"","meta":{"_acf_changed":false},"wpc-attribute-group":[],"product_brand":[],"product_cat":[2237],"product_tag":[],"class_list":{"0":"post-53364","1":"product","2":"type-product","3":"status-publish","4":"has-post-thumbnail","6":"product_cat-nojatuolit","7":"pa_e-poe-kangavalik-soro-93-fi","8":"pa_e-poe-kangavalik-soro-97-fi","10":"first","11":"instock","12":"taxable","13":"shipping-taxable","14":"purchasable","15":"product-type-variable","16":"add-to-wishlist-after_add_to_cart"},"acf":[],"yoast_head":"<!-- This site is optimized with the Yoast SEO plugin v26.1 - https:\/\/yoast.com\/wordpress\/plugins\/seo\/ -->\n<title>Polo - Bellfire<\/title>\n<meta name=\"robots\" content=\"index, follow, max-snippet:-1, max-image-preview:large, max-video-preview:-1\" \/>\n<link rel=\"canonical\" href=\"https:\/\/bellfire.ee\/fi\/olohuone\/nojatuolit\/polo\/\" \/>\n<meta property=\"og:locale\" content=\"fi_FI\" \/>\n<meta property=\"og:type\" content=\"article\" \/>\n<meta property=\"og:title\" content=\"Polo - Bellfire\" \/>\n<meta property=\"og:description\" content=\"Polo-nojatuoli tarjoaa ajattoman muotoilun, jossa yhdistyv\u00e4t huolellinen k\u00e4sity\u00f6taito ja korkealaatuiset materiaalit. Tukevat puiset k\u00e4sinojat ja kest\u00e4v\u00e4t, 11 cm korkeat jalat antavat tuolille t\u00e4ydellisen korkeuden ja tekev\u00e4t siit\u00e4 visuaalisesti vaikuttavan. Yhdistettyn\u00e4 rahiin Polo-nojatuoli muodostaa t\u00e4ydellisen setin aitoa rentoutumista varten.  Voit tutustua koko kangasvalikoimaan n\u00e4yttelytilassamme osoitteessa Riia 142, Tartto.  Huomioithan, ett\u00e4 v\u00e4rit voivat poiketa n\u00e4yt\u00f6ll\u00e4 n\u00e4kyv\u00e4st\u00e4. Suosittelemme tarkistamaan v\u00e4rit n\u00e4yttelytilassamme.\" \/>\n<meta property=\"og:url\" content=\"https:\/\/bellfire.ee\/fi\/olohuone\/nojatuolit\/polo\/\" \/>\n<meta property=\"og:site_name\" content=\"Bellfire\" \/>\n<meta property=\"og:image\" content=\"https:\/\/bellfire.ee\/wp-content\/uploads\/2024\/10\/Polo-tumba-DARK-GREY-hele-kaetugi-scaled-1.jpg\" \/>\n\t<meta property=\"og:image:width\" content=\"2560\" \/>\n\t<meta property=\"og:image:height\" content=\"1829\" \/>\n\t<meta property=\"og:image:type\" content=\"image\/jpeg\" \/>\n<meta name=\"twitter:card\" content=\"summary_large_image\" \/>\n<script type=\"application\/ld+json\" class=\"yoast-schema-graph\">{\"@context\":\"https:\/\/schema.org\",\"@graph\":[{\"@type\":\"WebPage\",\"@id\":\"https:\/\/bellfire.ee\/fi\/olohuone\/nojatuolit\/polo\/\",\"url\":\"https:\/\/bellfire.ee\/fi\/olohuone\/nojatuolit\/polo\/\",\"name\":\"Polo - Bellfire\",\"isPartOf\":{\"@id\":\"https:\/\/bellfire.ee\/fi\/#website\"},\"primaryImageOfPage\":{\"@id\":\"https:\/\/bellfire.ee\/fi\/olohuone\/nojatuolit\/polo\/#primaryimage\"},\"image\":{\"@id\":\"https:\/\/bellfire.ee\/fi\/olohuone\/nojatuolit\/polo\/#primaryimage\"},\"thumbnailUrl\":\"https:\/\/bellfire.ee\/wp-content\/uploads\/2024\/10\/Polo-tumba-DARK-GREY-hele-kaetugi-scaled-1.jpg\",\"datePublished\":\"2021-04-13T09:52:13+00:00\",\"breadcrumb\":{\"@id\":\"https:\/\/bellfire.ee\/fi\/olohuone\/nojatuolit\/polo\/#breadcrumb\"},\"inLanguage\":\"fi\",\"potentialAction\":[{\"@type\":\"ReadAction\",\"target\":[\"https:\/\/bellfire.ee\/fi\/olohuone\/nojatuolit\/polo\/\"]}]},{\"@type\":\"ImageObject\",\"inLanguage\":\"fi\",\"@id\":\"https:\/\/bellfire.ee\/fi\/olohuone\/nojatuolit\/polo\/#primaryimage\",\"url\":\"https:\/\/bellfire.ee\/wp-content\/uploads\/2024\/10\/Polo-tumba-DARK-GREY-hele-kaetugi-scaled-1.jpg\",\"contentUrl\":\"https:\/\/bellfire.ee\/wp-content\/uploads\/2024\/10\/Polo-tumba-DARK-GREY-hele-kaetugi-scaled-1.jpg\",\"width\":2560,\"height\":1829},{\"@type\":\"BreadcrumbList\",\"@id\":\"https:\/\/bellfire.ee\/fi\/olohuone\/nojatuolit\/polo\/#breadcrumb\",\"itemListElement\":[{\"@type\":\"ListItem\",\"position\":1,\"name\":\"Avaleht\",\"item\":\"https:\/\/bellfire.ee\/fi\/\"},{\"@type\":\"ListItem\",\"position\":2,\"name\":\"Huonekalut\",\"item\":\"https:\/\/bellfire.ee\/fi\/huonekalut\/\"},{\"@type\":\"ListItem\",\"position\":3,\"name\":\"Polo\"}]},{\"@type\":\"WebSite\",\"@id\":\"https:\/\/bellfire.ee\/fi\/#website\",\"url\":\"https:\/\/bellfire.ee\/fi\/\",\"name\":\"Bellfire\",\"description\":\"Disainm\u00f6\u00f6bel Sinu koju Eesti pehme m\u00f6\u00f6bli tootjal\",\"publisher\":{\"@id\":\"https:\/\/bellfire.ee\/fi\/#organization\"},\"potentialAction\":[{\"@type\":\"SearchAction\",\"target\":{\"@type\":\"EntryPoint\",\"urlTemplate\":\"https:\/\/bellfire.ee\/fi\/?s={search_term_string}\"},\"query-input\":{\"@type\":\"PropertyValueSpecification\",\"valueRequired\":true,\"valueName\":\"search_term_string\"}}],\"inLanguage\":\"fi\"},{\"@type\":\"Organization\",\"@id\":\"https:\/\/bellfire.ee\/fi\/#organization\",\"name\":\"Bellfire\",\"url\":\"https:\/\/bellfire.ee\/fi\/\",\"logo\":{\"@type\":\"ImageObject\",\"inLanguage\":\"fi\",\"@id\":\"https:\/\/bellfire.ee\/fi\/#\/schema\/logo\/image\/\",\"url\":\"https:\/\/bellfire.ee\/wp-content\/uploads\/2024\/10\/Site-logo.svg\",\"contentUrl\":\"https:\/\/bellfire.ee\/wp-content\/uploads\/2024\/10\/Site-logo.svg\",\"width\":55,\"height\":64,\"caption\":\"Bellfire\"},\"image\":{\"@id\":\"https:\/\/bellfire.ee\/fi\/#\/schema\/logo\/image\/\"}}]}<\/script>\n<!-- \/ Yoast SEO plugin. -->","yoast_head_json":{"title":"Polo - Bellfire","robots":{"index":"index","follow":"follow","max-snippet":"max-snippet:-1","max-image-preview":"max-image-preview:large","max-video-preview":"max-video-preview:-1"},"canonical":"https:\/\/bellfire.ee\/fi\/olohuone\/nojatuolit\/polo\/","og_locale":"fi_FI","og_type":"article","og_title":"Polo - Bellfire","og_description":"Polo-nojatuoli tarjoaa ajattoman muotoilun, jossa yhdistyv\u00e4t huolellinen k\u00e4sity\u00f6taito ja korkealaatuiset materiaalit. Tukevat puiset k\u00e4sinojat ja kest\u00e4v\u00e4t, 11 cm korkeat jalat antavat tuolille t\u00e4ydellisen korkeuden ja tekev\u00e4t siit\u00e4 visuaalisesti vaikuttavan. Yhdistettyn\u00e4 rahiin Polo-nojatuoli muodostaa t\u00e4ydellisen setin aitoa rentoutumista varten.  Voit tutustua koko kangasvalikoimaan n\u00e4yttelytilassamme osoitteessa Riia 142, Tartto.  Huomioithan, ett\u00e4 v\u00e4rit voivat poiketa n\u00e4yt\u00f6ll\u00e4 n\u00e4kyv\u00e4st\u00e4. Suosittelemme tarkistamaan v\u00e4rit n\u00e4yttelytilassamme.","og_url":"https:\/\/bellfire.ee\/fi\/olohuone\/nojatuolit\/polo\/","og_site_name":"Bellfire","og_image":[{"width":2560,"height":1829,"url":"https:\/\/bellfire.ee\/wp-content\/uploads\/2024\/10\/Polo-tumba-DARK-GREY-hele-kaetugi-scaled-1.jpg","type":"image\/jpeg"}],"twitter_card":"summary_large_image","schema":{"@context":"https:\/\/schema.org","@graph":[{"@type":"WebPage","@id":"https:\/\/bellfire.ee\/fi\/olohuone\/nojatuolit\/polo\/","url":"https:\/\/bellfire.ee\/fi\/olohuone\/nojatuolit\/polo\/","name":"Polo - Bellfire","isPartOf":{"@id":"https:\/\/bellfire.ee\/fi\/#website"},"primaryImageOfPage":{"@id":"https:\/\/bellfire.ee\/fi\/olohuone\/nojatuolit\/polo\/#primaryimage"},"image":{"@id":"https:\/\/bellfire.ee\/fi\/olohuone\/nojatuolit\/polo\/#primaryimage"},"thumbnailUrl":"https:\/\/bellfire.ee\/wp-content\/uploads\/2024\/10\/Polo-tumba-DARK-GREY-hele-kaetugi-scaled-1.jpg","datePublished":"2021-04-13T09:52:13+00:00","breadcrumb":{"@id":"https:\/\/bellfire.ee\/fi\/olohuone\/nojatuolit\/polo\/#breadcrumb"},"inLanguage":"fi","potentialAction":[{"@type":"ReadAction","target":["https:\/\/bellfire.ee\/fi\/olohuone\/nojatuolit\/polo\/"]}]},{"@type":"ImageObject","inLanguage":"fi","@id":"https:\/\/bellfire.ee\/fi\/olohuone\/nojatuolit\/polo\/#primaryimage","url":"https:\/\/bellfire.ee\/wp-content\/uploads\/2024\/10\/Polo-tumba-DARK-GREY-hele-kaetugi-scaled-1.jpg","contentUrl":"https:\/\/bellfire.ee\/wp-content\/uploads\/2024\/10\/Polo-tumba-DARK-GREY-hele-kaetugi-scaled-1.jpg","width":2560,"height":1829},{"@type":"BreadcrumbList","@id":"https:\/\/bellfire.ee\/fi\/olohuone\/nojatuolit\/polo\/#breadcrumb","itemListElement":[{"@type":"ListItem","position":1,"name":"Avaleht","item":"https:\/\/bellfire.ee\/fi\/"},{"@type":"ListItem","position":2,"name":"Huonekalut","item":"https:\/\/bellfire.ee\/fi\/huonekalut\/"},{"@type":"ListItem","position":3,"name":"Polo"}]},{"@type":"WebSite","@id":"https:\/\/bellfire.ee\/fi\/#website","url":"https:\/\/bellfire.ee\/fi\/","name":"Bellfire","description":"Disainm\u00f6\u00f6bel Sinu koju Eesti pehme m\u00f6\u00f6bli tootjal","publisher":{"@id":"https:\/\/bellfire.ee\/fi\/#organization"},"potentialAction":[{"@type":"SearchAction","target":{"@type":"EntryPoint","urlTemplate":"https:\/\/bellfire.ee\/fi\/?s={search_term_string}"},"query-input":{"@type":"PropertyValueSpecification","valueRequired":true,"valueName":"search_term_string"}}],"inLanguage":"fi"},{"@type":"Organization","@id":"https:\/\/bellfire.ee\/fi\/#organization","name":"Bellfire","url":"https:\/\/bellfire.ee\/fi\/","logo":{"@type":"ImageObject","inLanguage":"fi","@id":"https:\/\/bellfire.ee\/fi\/#\/schema\/logo\/image\/","url":"https:\/\/bellfire.ee\/wp-content\/uploads\/2024\/10\/Site-logo.svg","contentUrl":"https:\/\/bellfire.ee\/wp-content\/uploads\/2024\/10\/Site-logo.svg","width":55,"height":64,"caption":"Bellfire"},"image":{"@id":"https:\/\/bellfire.ee\/fi\/#\/schema\/logo\/image\/"}}]}},"_links":{"self":[{"href":"https:\/\/bellfire.ee\/fi\/wp-json\/wp\/v2\/product\/53364","targetHints":{"allow":["GET"]}}],"collection":[{"href":"https:\/\/bellfire.ee\/fi\/wp-json\/wp\/v2\/product"}],"about":[{"href":"https:\/\/bellfire.ee\/fi\/wp-json\/wp\/v2\/types\/product"}],"wp:featuredmedia":[{"embeddable":true,"href":"https:\/\/bellfire.ee\/fi\/wp-json\/wp\/v2\/media\/39455"}],"wp:attachment":[{"href":"https:\/\/bellfire.ee\/fi\/wp-json\/wp\/v2\/media?parent=53364"}],"wp:term":[{"taxonomy":"wpc-attribute-group","embeddable":true,"href":"https:\/\/bellfire.ee\/fi\/wp-json\/wp\/v2\/wpc-attribute-group?post=53364"},{"taxonomy":"product_brand","embeddable":true,"href":"https:\/\/bellfire.ee\/fi\/wp-json\/wp\/v2\/product_brand?post=53364"},{"taxonomy":"product_cat","embeddable":true,"href":"https:\/\/bellfire.ee\/fi\/wp-json\/wp\/v2\/product_cat?post=53364"},{"taxonomy":"product_tag","embeddable":true,"href":"https:\/\/bellfire.ee\/fi\/wp-json\/wp\/v2\/product_tag?post=53364"}],"curies":[{"name":"wp","href":"https:\/\/api.w.org\/{rel}","templated":true}]}}