{"id":53320,"date":"2021-07-01T14:35:02","date_gmt":"2021-07-01T14:35:02","guid":{"rendered":"https:\/\/bellfire.ee\/Ei-luokiteltu\/isola\/"},"modified":"2021-07-01T14:35:02","modified_gmt":"2021-07-01T14:35:02","slug":"isola","status":"publish","type":"product","link":"https:\/\/bellfire.ee\/fi\/olohuone\/nojatuolit\/isola\/","title":{"rendered":"Isola"},"content":{"rendered":"<p><strong>Isola-nojatuoli<\/strong> yhdist\u00e4\u00e4 kaikki nojatuolin parhaat ominaisuudet. Sen kaunis muoto, h\u00f6yhenenpehme\u00e4t tyynyt, modernit k\u00e4sinojat ja hurmaavat jalat kiinnitt\u00e4v\u00e4t huomion ainutlaatuisella designillaan ja kutsuvat istumaan. <strong>Isola-nojatuoli<\/strong> on eritt\u00e4in pehme\u00e4 ja ilmava, ja se seisoo korkeilla, 17 cm metallijaloilla.<\/p>\n<p>Voit tutustua koko kangasvalikoimaan n\u00e4yttelytilassamme osoitteessa Riia 142, Tartto.<\/p>\n<p>Huomioithan, ett\u00e4 v\u00e4rit voivat poiketa n\u00e4yt\u00f6ll\u00e4 n\u00e4kyv\u00e4st\u00e4. Suosittelemme tarkistamaan v\u00e4rit n\u00e4yttelytilassamme.<\/p>\n","protected":false},"excerpt":{"rendered":"<p><strong>Isola-nojatuoli<\/strong> yhdist\u00e4\u00e4 kaikki nojatuolin parhaat ominaisuudet. Sen kaunis muoto, h\u00f6yhenenpehme\u00e4t tyynyt, modernit k\u00e4sinojat ja hurmaavat jalat kiinnitt\u00e4v\u00e4t huomion ainutlaatuisella designillaan ja kutsuvat istumaan. <strong>Isola-nojatuoli<\/strong> on eritt\u00e4in pehme\u00e4 ja ilmava, ja se seisoo korkeilla, 17 cm metallijaloilla.<\/p>\n<p>Voit tutustua koko kangasvalikoimaan n\u00e4yttelytilassamme osoitteessa Riia 142, Tartto.<\/p>\n<p>Huomioithan, ett\u00e4 v\u00e4rit voivat poiketa n\u00e4yt\u00f6ll\u00e4 n\u00e4kyv\u00e4st\u00e4. Suosittelemme tarkistamaan v\u00e4rit n\u00e4yttelytilassamme.<\/p>\n","protected":false},"featured_media":50433,"template":"","meta":{"_acf_changed":false},"wpc-attribute-group":[],"product_brand":[],"product_cat":[2237],"product_tag":[],"class_list":{"0":"post-53320","1":"product","2":"type-product","3":"status-publish","4":"has-post-thumbnail","6":"product_cat-nojatuolit","7":"pa_e-poe-kangavalik-casual-river-fi","8":"pa_e-poe-kangavalik-casual-spring-fi","9":"pa_e-poe-kangavalik-casual-desert-fi","10":"pa_e-poe-kangavalik-casual-gold-fi","11":"pa_e-poe-kangavalik-casual-griffin-fi","12":"pa_e-poe-kangavalik-casual-ivory-fi","13":"pa_e-poe-kangavalik-casual-misty-fi","14":"pa_e-poe-kangavalik-casual-truffle-fi","16":"first","17":"instock","18":"taxable","19":"shipping-taxable","20":"purchasable","21":"product-type-variable","22":"add-to-wishlist-after_add_to_cart"},"acf":[],"yoast_head":"<!-- This site is optimized with the Yoast SEO plugin v26.1 - https:\/\/yoast.com\/wordpress\/plugins\/seo\/ -->\n<title>Isola - Bellfire<\/title>\n<meta name=\"robots\" content=\"index, follow, max-snippet:-1, max-image-preview:large, max-video-preview:-1\" \/>\n<link rel=\"canonical\" href=\"https:\/\/bellfire.ee\/fi\/olohuone\/nojatuolit\/isola\/\" \/>\n<meta property=\"og:locale\" content=\"fi_FI\" \/>\n<meta property=\"og:type\" content=\"article\" \/>\n<meta property=\"og:title\" content=\"Isola - Bellfire\" \/>\n<meta property=\"og:description\" content=\"Isola-nojatuoli yhdist\u00e4\u00e4 kaikki nojatuolin parhaat ominaisuudet. Sen kaunis muoto, h\u00f6yhenenpehme\u00e4t tyynyt, modernit k\u00e4sinojat ja hurmaavat jalat kiinnitt\u00e4v\u00e4t huomion ainutlaatuisella designillaan ja kutsuvat istumaan. Isola-nojatuoli on eritt\u00e4in pehme\u00e4 ja ilmava, ja se seisoo korkeilla, 17 cm metallijaloilla.  Voit tutustua koko kangasvalikoimaan n\u00e4yttelytilassamme osoitteessa Riia 142, Tartto.  Huomioithan, ett\u00e4 v\u00e4rit voivat poiketa n\u00e4yt\u00f6ll\u00e4 n\u00e4kyv\u00e4st\u00e4. Suosittelemme tarkistamaan v\u00e4rit n\u00e4yttelytilassamme.\" \/>\n<meta property=\"og:url\" content=\"https:\/\/bellfire.ee\/fi\/olohuone\/nojatuolit\/isola\/\" \/>\n<meta property=\"og:site_name\" content=\"Bellfire\" \/>\n<meta property=\"og:image\" content=\"https:\/\/bellfire.ee\/wp-content\/uploads\/2024\/11\/Isola_1_Casual_Ivory_L78.jpg\" \/>\n\t<meta property=\"og:image:width\" content=\"1920\" \/>\n\t<meta property=\"og:image:height\" content=\"1080\" \/>\n\t<meta property=\"og:image:type\" content=\"image\/jpeg\" \/>\n<meta name=\"twitter:card\" content=\"summary_large_image\" \/>\n<script type=\"application\/ld+json\" class=\"yoast-schema-graph\">{\"@context\":\"https:\/\/schema.org\",\"@graph\":[{\"@type\":\"WebPage\",\"@id\":\"https:\/\/bellfire.ee\/fi\/olohuone\/nojatuolit\/isola\/\",\"url\":\"https:\/\/bellfire.ee\/fi\/olohuone\/nojatuolit\/isola\/\",\"name\":\"Isola - Bellfire\",\"isPartOf\":{\"@id\":\"https:\/\/bellfire.ee\/fi\/#website\"},\"primaryImageOfPage\":{\"@id\":\"https:\/\/bellfire.ee\/fi\/olohuone\/nojatuolit\/isola\/#primaryimage\"},\"image\":{\"@id\":\"https:\/\/bellfire.ee\/fi\/olohuone\/nojatuolit\/isola\/#primaryimage\"},\"thumbnailUrl\":\"https:\/\/bellfire.ee\/wp-content\/uploads\/2024\/11\/Isola_1_Casual_Ivory_L78.jpg\",\"datePublished\":\"2021-07-01T14:35:02+00:00\",\"breadcrumb\":{\"@id\":\"https:\/\/bellfire.ee\/fi\/olohuone\/nojatuolit\/isola\/#breadcrumb\"},\"inLanguage\":\"fi\",\"potentialAction\":[{\"@type\":\"ReadAction\",\"target\":[\"https:\/\/bellfire.ee\/fi\/olohuone\/nojatuolit\/isola\/\"]}]},{\"@type\":\"ImageObject\",\"inLanguage\":\"fi\",\"@id\":\"https:\/\/bellfire.ee\/fi\/olohuone\/nojatuolit\/isola\/#primaryimage\",\"url\":\"https:\/\/bellfire.ee\/wp-content\/uploads\/2024\/11\/Isola_1_Casual_Ivory_L78.jpg\",\"contentUrl\":\"https:\/\/bellfire.ee\/wp-content\/uploads\/2024\/11\/Isola_1_Casual_Ivory_L78.jpg\",\"width\":1920,\"height\":1080},{\"@type\":\"BreadcrumbList\",\"@id\":\"https:\/\/bellfire.ee\/fi\/olohuone\/nojatuolit\/isola\/#breadcrumb\",\"itemListElement\":[{\"@type\":\"ListItem\",\"position\":1,\"name\":\"Avaleht\",\"item\":\"https:\/\/bellfire.ee\/fi\/\"},{\"@type\":\"ListItem\",\"position\":2,\"name\":\"Huonekalut\",\"item\":\"https:\/\/bellfire.ee\/fi\/huonekalut\/\"},{\"@type\":\"ListItem\",\"position\":3,\"name\":\"Isola\"}]},{\"@type\":\"WebSite\",\"@id\":\"https:\/\/bellfire.ee\/fi\/#website\",\"url\":\"https:\/\/bellfire.ee\/fi\/\",\"name\":\"Bellfire\",\"description\":\"Disainm\u00f6\u00f6bel Sinu koju Eesti pehme m\u00f6\u00f6bli tootjal\",\"publisher\":{\"@id\":\"https:\/\/bellfire.ee\/fi\/#organization\"},\"potentialAction\":[{\"@type\":\"SearchAction\",\"target\":{\"@type\":\"EntryPoint\",\"urlTemplate\":\"https:\/\/bellfire.ee\/fi\/?s={search_term_string}\"},\"query-input\":{\"@type\":\"PropertyValueSpecification\",\"valueRequired\":true,\"valueName\":\"search_term_string\"}}],\"inLanguage\":\"fi\"},{\"@type\":\"Organization\",\"@id\":\"https:\/\/bellfire.ee\/fi\/#organization\",\"name\":\"Bellfire\",\"url\":\"https:\/\/bellfire.ee\/fi\/\",\"logo\":{\"@type\":\"ImageObject\",\"inLanguage\":\"fi\",\"@id\":\"https:\/\/bellfire.ee\/fi\/#\/schema\/logo\/image\/\",\"url\":\"https:\/\/bellfire.ee\/wp-content\/uploads\/2024\/10\/Site-logo.svg\",\"contentUrl\":\"https:\/\/bellfire.ee\/wp-content\/uploads\/2024\/10\/Site-logo.svg\",\"width\":55,\"height\":64,\"caption\":\"Bellfire\"},\"image\":{\"@id\":\"https:\/\/bellfire.ee\/fi\/#\/schema\/logo\/image\/\"}}]}<\/script>\n<!-- \/ Yoast SEO plugin. -->","yoast_head_json":{"title":"Isola - Bellfire","robots":{"index":"index","follow":"follow","max-snippet":"max-snippet:-1","max-image-preview":"max-image-preview:large","max-video-preview":"max-video-preview:-1"},"canonical":"https:\/\/bellfire.ee\/fi\/olohuone\/nojatuolit\/isola\/","og_locale":"fi_FI","og_type":"article","og_title":"Isola - Bellfire","og_description":"Isola-nojatuoli yhdist\u00e4\u00e4 kaikki nojatuolin parhaat ominaisuudet. Sen kaunis muoto, h\u00f6yhenenpehme\u00e4t tyynyt, modernit k\u00e4sinojat ja hurmaavat jalat kiinnitt\u00e4v\u00e4t huomion ainutlaatuisella designillaan ja kutsuvat istumaan. Isola-nojatuoli on eritt\u00e4in pehme\u00e4 ja ilmava, ja se seisoo korkeilla, 17 cm metallijaloilla.  Voit tutustua koko kangasvalikoimaan n\u00e4yttelytilassamme osoitteessa Riia 142, Tartto.  Huomioithan, ett\u00e4 v\u00e4rit voivat poiketa n\u00e4yt\u00f6ll\u00e4 n\u00e4kyv\u00e4st\u00e4. Suosittelemme tarkistamaan v\u00e4rit n\u00e4yttelytilassamme.","og_url":"https:\/\/bellfire.ee\/fi\/olohuone\/nojatuolit\/isola\/","og_site_name":"Bellfire","og_image":[{"width":1920,"height":1080,"url":"https:\/\/bellfire.ee\/wp-content\/uploads\/2024\/11\/Isola_1_Casual_Ivory_L78.jpg","type":"image\/jpeg"}],"twitter_card":"summary_large_image","schema":{"@context":"https:\/\/schema.org","@graph":[{"@type":"WebPage","@id":"https:\/\/bellfire.ee\/fi\/olohuone\/nojatuolit\/isola\/","url":"https:\/\/bellfire.ee\/fi\/olohuone\/nojatuolit\/isola\/","name":"Isola - Bellfire","isPartOf":{"@id":"https:\/\/bellfire.ee\/fi\/#website"},"primaryImageOfPage":{"@id":"https:\/\/bellfire.ee\/fi\/olohuone\/nojatuolit\/isola\/#primaryimage"},"image":{"@id":"https:\/\/bellfire.ee\/fi\/olohuone\/nojatuolit\/isola\/#primaryimage"},"thumbnailUrl":"https:\/\/bellfire.ee\/wp-content\/uploads\/2024\/11\/Isola_1_Casual_Ivory_L78.jpg","datePublished":"2021-07-01T14:35:02+00:00","breadcrumb":{"@id":"https:\/\/bellfire.ee\/fi\/olohuone\/nojatuolit\/isola\/#breadcrumb"},"inLanguage":"fi","potentialAction":[{"@type":"ReadAction","target":["https:\/\/bellfire.ee\/fi\/olohuone\/nojatuolit\/isola\/"]}]},{"@type":"ImageObject","inLanguage":"fi","@id":"https:\/\/bellfire.ee\/fi\/olohuone\/nojatuolit\/isola\/#primaryimage","url":"https:\/\/bellfire.ee\/wp-content\/uploads\/2024\/11\/Isola_1_Casual_Ivory_L78.jpg","contentUrl":"https:\/\/bellfire.ee\/wp-content\/uploads\/2024\/11\/Isola_1_Casual_Ivory_L78.jpg","width":1920,"height":1080},{"@type":"BreadcrumbList","@id":"https:\/\/bellfire.ee\/fi\/olohuone\/nojatuolit\/isola\/#breadcrumb","itemListElement":[{"@type":"ListItem","position":1,"name":"Avaleht","item":"https:\/\/bellfire.ee\/fi\/"},{"@type":"ListItem","position":2,"name":"Huonekalut","item":"https:\/\/bellfire.ee\/fi\/huonekalut\/"},{"@type":"ListItem","position":3,"name":"Isola"}]},{"@type":"WebSite","@id":"https:\/\/bellfire.ee\/fi\/#website","url":"https:\/\/bellfire.ee\/fi\/","name":"Bellfire","description":"Disainm\u00f6\u00f6bel Sinu koju Eesti pehme m\u00f6\u00f6bli tootjal","publisher":{"@id":"https:\/\/bellfire.ee\/fi\/#organization"},"potentialAction":[{"@type":"SearchAction","target":{"@type":"EntryPoint","urlTemplate":"https:\/\/bellfire.ee\/fi\/?s={search_term_string}"},"query-input":{"@type":"PropertyValueSpecification","valueRequired":true,"valueName":"search_term_string"}}],"inLanguage":"fi"},{"@type":"Organization","@id":"https:\/\/bellfire.ee\/fi\/#organization","name":"Bellfire","url":"https:\/\/bellfire.ee\/fi\/","logo":{"@type":"ImageObject","inLanguage":"fi","@id":"https:\/\/bellfire.ee\/fi\/#\/schema\/logo\/image\/","url":"https:\/\/bellfire.ee\/wp-content\/uploads\/2024\/10\/Site-logo.svg","contentUrl":"https:\/\/bellfire.ee\/wp-content\/uploads\/2024\/10\/Site-logo.svg","width":55,"height":64,"caption":"Bellfire"},"image":{"@id":"https:\/\/bellfire.ee\/fi\/#\/schema\/logo\/image\/"}}]}},"_links":{"self":[{"href":"https:\/\/bellfire.ee\/fi\/wp-json\/wp\/v2\/product\/53320","targetHints":{"allow":["GET"]}}],"collection":[{"href":"https:\/\/bellfire.ee\/fi\/wp-json\/wp\/v2\/product"}],"about":[{"href":"https:\/\/bellfire.ee\/fi\/wp-json\/wp\/v2\/types\/product"}],"wp:featuredmedia":[{"embeddable":true,"href":"https:\/\/bellfire.ee\/fi\/wp-json\/wp\/v2\/media\/50433"}],"wp:attachment":[{"href":"https:\/\/bellfire.ee\/fi\/wp-json\/wp\/v2\/media?parent=53320"}],"wp:term":[{"taxonomy":"wpc-attribute-group","embeddable":true,"href":"https:\/\/bellfire.ee\/fi\/wp-json\/wp\/v2\/wpc-attribute-group?post=53320"},{"taxonomy":"product_brand","embeddable":true,"href":"https:\/\/bellfire.ee\/fi\/wp-json\/wp\/v2\/product_brand?post=53320"},{"taxonomy":"product_cat","embeddable":true,"href":"https:\/\/bellfire.ee\/fi\/wp-json\/wp\/v2\/product_cat?post=53320"},{"taxonomy":"product_tag","embeddable":true,"href":"https:\/\/bellfire.ee\/fi\/wp-json\/wp\/v2\/product_tag?post=53320"}],"curies":[{"name":"wp","href":"https:\/\/api.w.org\/{rel}","templated":true}]}}